{"id":1566,"date":"2024-02-20T18:43:40","date_gmt":"2024-02-20T17:43:40","guid":{"rendered":"https:\/\/www.medianus.at\/bibel\/?page_id=1566"},"modified":"2024-12-25T17:30:56","modified_gmt":"2024-12-25T16:30:56","slug":"wahrheitsjaeger-2024","status":"publish","type":"page","link":"https:\/\/www.medianus.at\/bibel\/wahrheitsjaeger-2024\/","title":{"rendered":"Wahrheitsj\u00e4ger 2024"},"content":{"rendered":"\n<div class=\"side-menu is-left -center\" id=\"side-menu-1\"><ul class=\"sm-list\"><li class=\"sm-item\"><a href=\"https:\/\/www.medianus.at\/bibel\/wahrheitsjaeger\/\" target=\"_self\"  class=\"sm-link\"><span class=\"sm-icon fas fa-hand-point-up\"><\/span><span class=\"sm-label\">2021<\/span><\/a><\/li><li class=\"sm-item\"><a href=\"https:\/\/www.medianus.at\/bibel\/wahrheitsjaeger-2022\/\" target=\"_self\"  class=\"sm-link\"><span class=\"sm-icon fas fa-hand-point-up\"><\/span><span class=\"sm-label\">2022<\/span><\/a><\/li><li class=\"sm-item\"><a href=\"https:\/\/www.medianus.at\/bibel\/wahrheitsjaeger-2023\/\" target=\"_self\"  class=\"sm-link\"><span class=\"sm-icon fas fa-hand-point-up\"><\/span><span class=\"sm-label\">2023<\/span><\/a><\/li><li class=\"sm-item\"><a href=\"https:\/\/www.medianus.at\/bibel\/wahrheitsjaeger-2024\/\" target=\"_self\"  class=\"sm-link\"><span class=\"sm-icon fas fa-hand-point-up\"><\/span><span class=\"sm-label\">2024<\/span><\/a><\/li><li class=\"sm-item\"><a href=\"https:\/\/www.medianus.at\/bibel\/wahrheitsjaeger-2025\/\" target=\"_self\"  class=\"sm-link\"><span class=\"sm-icon fas fa-hand-point-up\"><\/span><span class=\"sm-label\">2025<\/span><\/a><\/li><li class=\"sm-item\"><a href=\"https:\/\/www.medianus.at\/bibel\/wahrheitsjaeger-2026\/\" target=\"_self\"  class=\"sm-link\"><span class=\"sm-icon fas fa-hand-point-up\"><\/span><span class=\"sm-label\">2026<\/span><\/a><\/li><\/ul><\/div>\n\n\n\n<figure class=\"wp-block-image size-large is-resized\"><img loading=\"lazy\" decoding=\"async\" width=\"962\" height=\"741\" src=\"https:\/\/www.medianus.at\/bibel\/wp-content\/uploads\/2024\/02\/logo-1.png\" alt=\"\" class=\"wp-image-1550\" style=\"width:333px;height:256px\" srcset=\"https:\/\/www.medianus.at\/bibel\/wp-content\/uploads\/2024\/02\/logo-1.png 962w, https:\/\/www.medianus.at\/bibel\/wp-content\/uploads\/2024\/02\/logo-1-300x231.png 300w, https:\/\/www.medianus.at\/bibel\/wp-content\/uploads\/2024\/02\/logo-1-768x592.png 768w\" sizes=\"(max-width: 709px) 85vw, (max-width: 909px) 67vw, (max-width: 1362px) 62vw, 840px\" \/><\/figure>\n\n\n\n<h2 class=\"wp-block-heading\">Wer ist der Wahrheitsj\u00e4ger?<\/h2>\n\n\n\n<p>Im August 2023 hat er das selbst erkl\u00e4rt.<\/p>\n\n\n\n<figure class=\"wp-block-audio\"><audio controls src=\"https:\/\/www.medianus.at\/bibel\/wp-content\/uploads\/2024\/02\/2023_08_09_Zu-meiner-Person-1.mp3\"><\/audio><figcaption class=\"wp-element-caption\">Zu meiner Person<\/figcaption><\/figure>\n\n\n\n<h2 class=\"wp-block-heading\">Wahrheitsj\u00e4ger J\u00e4nner 2024<\/h2>\n\n\n\n<figure class=\"wp-block-audio\"><audio controls src=\"https:\/\/www.medianus.at\/bibel\/wp-content\/uploads\/2024\/02\/2024_01_02_Ausblick-Was-d\u00fcrfen-und-sollten-wir-erwarten.mp3\"><\/audio><figcaption class=\"wp-element-caption\">Ausblick: Was d\u00fcrfen und sollten wir erwarten?<\/figcaption><\/figure>\n\n\n\n<figure class=\"wp-block-audio\"><audio controls src=\"https:\/\/www.medianus.at\/bibel\/wp-content\/uploads\/2024\/02\/2024-01-07_Das-Puzzle-mit-den-Epsteinchen-und-der-fehlende-Glaube.mp3\"><\/audio><figcaption class=\"wp-element-caption\">Das Puzzle mit den Epsteinchen und der fehlende Glaube<\/figcaption><\/figure>\n\n\n\n<figure class=\"wp-block-audio\"><audio controls src=\"https:\/\/www.medianus.at\/bibel\/wp-content\/uploads\/2024\/02\/2024_01_08_Was-haben-deutsche-Landwirte-und-der-Bauer-Gideon-vor-3000-Jahren-gemeinsam.mp3\"><\/audio><figcaption class=\"wp-element-caption\">Was haben deutsche Landwirte und der Bauer Gideon vor 3000 Jahren gemeinsam?<\/figcaption><\/figure>\n\n\n\n<figure class=\"wp-block-audio\"><audio controls src=\"https:\/\/www.medianus.at\/bibel\/wp-content\/uploads\/2024\/02\/2024_01_10_Das-gro\u00dfe-Erwachen.mp3\"><\/audio><figcaption class=\"wp-element-caption\">Das gro\u00dfe Erwachen &#8211; was ist das und warum wurde es am 08. Januar 2018 angek\u00fcndigt?<\/figcaption><\/figure>\n\n\n\n<figure class=\"wp-block-audio\"><audio controls src=\"https:\/\/www.medianus.at\/bibel\/wp-content\/uploads\/2024\/02\/2024_01_10_Das-gro\u00dfe-Erwachen-1.mp3\"><\/audio><figcaption class=\"wp-element-caption\">Das gro\u00dfe Erwachen &#8211; was ist das und warum wurde es am 08. Januar 2018 angek\u00fcndigt?Das gro\u00dfe Erwachen &#8211; was ist das und warum wurde es am 08. Januar 2018 angek\u00fcndigt?<\/figcaption><\/figure>\n\n\n\n<figure class=\"wp-block-audio\"><audio controls src=\"https:\/\/www.medianus.at\/bibel\/wp-content\/uploads\/2024\/02\/2024_01_14_Ein-bisschen-Dies-und-Das-aus-aller-Welt.mp3\"><\/audio><figcaption class=\"wp-element-caption\">Ein bisschen Dies und Das aus aller Welt<\/figcaption><\/figure>\n\n\n\n<figure class=\"wp-block-audio\"><audio controls src=\"https:\/\/www.medianus.at\/bibel\/wp-content\/uploads\/2024\/02\/2024_01_17_Zusammenbruch-der-Wirtschaft-und-ein-Weltkriegsszenario.mp3\"><\/audio><figcaption class=\"wp-element-caption\">Zusammenbruch der Wirtschaft und ein Weltkriegsszenario<\/figcaption><\/figure>\n\n\n\n<figure class=\"wp-block-audio\"><audio controls src=\"https:\/\/www.medianus.at\/bibel\/wp-content\/uploads\/2024\/02\/2024_01_18_Ganz-kurz-zur-Richtigstellung-in-eigener-Sache.mp3\"><\/audio><figcaption class=\"wp-element-caption\">Ganz kurz zur Richtigstellung in eigener Sache<\/figcaption><\/figure>\n\n\n\n<figure class=\"wp-block-audio\"><audio controls src=\"https:\/\/www.medianus.at\/bibel\/wp-content\/uploads\/2024\/02\/2024-01-24_Massenformationspsychose-Cancel-Culture-und-Mentizid.mp3\"><\/audio><figcaption class=\"wp-element-caption\">Massenformationspsychose, Cancel-Culture und Mentizid<\/figcaption><\/figure>\n\n\n\n<figure class=\"wp-block-audio\"><audio controls src=\"https:\/\/www.medianus.at\/bibel\/wp-content\/uploads\/2024\/02\/2024-01-25_Mehr-\u00fcber-Massenformationspsychose-und-das-morphogenetische-Feld.mp3\"><\/audio><figcaption class=\"wp-element-caption\">Mehr \u00fcber Massenformationspsychose und das morphogenetische Feld<\/figcaption><\/figure>\n\n\n\n<figure class=\"wp-block-audio\"><audio controls src=\"https:\/\/www.medianus.at\/bibel\/wp-content\/uploads\/2024\/02\/2024-01-28_Bewaffnung-zum-Angriff-oder-zur-Verteidigung.mp3\"><\/audio><figcaption class=\"wp-element-caption\">Bewaffnung zum Angriff oder zur Verteidigung?<\/figcaption><\/figure>\n\n\n\n<h2 class=\"wp-block-heading\">Wahrheitsj\u00e4ger Februar 2024<\/h2>\n\n\n\n<figure class=\"wp-block-audio\"><audio controls src=\"https:\/\/www.medianus.at\/bibel\/wp-content\/uploads\/2024\/02\/2024-02-03_Die-Eiswand-von-Iceage-bricht-\u2014-also-werdet-wie-die-Kinder.mp3\"><\/audio><figcaption class=\"wp-element-caption\">Die Eiswand von Iceage bricht \u2014 also werdet wie die Kinder<\/figcaption><\/figure>\n\n\n\n<figure class=\"wp-block-audio\"><audio controls src=\"https:\/\/www.medianus.at\/bibel\/wp-content\/uploads\/2024\/02\/2024-02-12_Its-Pizza-Time-\u2014-Zeit-f\u00fcr-Pizza.mp3\"><\/audio><figcaption class=\"wp-element-caption\">It&#8217;s Pizza Time \u2014 Zeit f\u00fcr Pizza<\/figcaption><\/figure>\n\n\n\n<figure class=\"wp-block-audio\"><audio controls src=\"https:\/\/www.medianus.at\/bibel\/wp-content\/uploads\/2024\/02\/2024_02_18_Der-Achte.mp3\"><\/audio><figcaption class=\"wp-element-caption\">Der Achte<\/figcaption><\/figure>\n\n\n\n<figure class=\"wp-block-audio\"><audio controls src=\"https:\/\/www.medianus.at\/bibel\/wp-content\/uploads\/2024\/02\/2024_02_24_Podcast_238_Jedes_Problem_hat_eine_Wurzel_lateinisch.mp3\"><\/audio><figcaption class=\"wp-element-caption\">Podcast-238_Jedes Problem hat eine Wurzel &#8211; lateinisch Radix.<\/figcaption><\/figure>\n\n\n\n<figure class=\"wp-block-audio\"><audio controls src=\"https:\/\/www.medianus.at\/bibel\/wp-content\/uploads\/2024\/02\/2024_02_29_Podcast_239_The_Musical_Chairs_oder_die_Reise_nach_Jerusalem.mp3\"><\/audio><figcaption class=\"wp-element-caption\">Podcast-239_The Musical Chairs oder die Reise nach Jerusalem.<\/figcaption><\/figure>\n\n\n\n<h2 class=\"wp-block-heading\">Wahrheitsj\u00e4ger M\u00e4rz 2024<\/h2>\n\n\n\n<figure class=\"wp-block-audio\"><audio controls src=\"https:\/\/www.medianus.at\/bibel\/wp-content\/uploads\/2024\/03\/2024_03_02_Podcast_240_Die_Bundeswehr_und_die_Br\u00fccke_von_Kertsch.mp3\"><\/audio><figcaption class=\"wp-element-caption\">Podcast-240_Die Bundeswehr und die Br\u00fccke von Kertsch.<\/figcaption><\/figure>\n\n\n\n<figure class=\"wp-block-audio\"><audio controls src=\"https:\/\/www.medianus.at\/bibel\/wp-content\/uploads\/2024\/03\/2024_03_03_Podcast_241_Das_Wort_zum_Sonntag_Zur\u00fcck_zu_den_Radieschen.mp3\"><\/audio><figcaption class=\"wp-element-caption\">Das Wort zum Sonntag &#8211; Zur\u00fcck zu den Radieschen!<\/figcaption><\/figure>\n\n\n\n<figure class=\"wp-block-audio\"><audio controls src=\"https:\/\/www.medianus.at\/bibel\/wp-content\/uploads\/2024\/03\/2024-03-08_Podcast-242_Von-Salem-nach-Ninniveh.mp3\"><\/audio><figcaption class=\"wp-element-caption\">Podcast-242_Von Salem nach Ninnive.<br><\/figcaption><\/figure>\n\n\n\n<figure class=\"wp-block-audio\"><audio controls src=\"https:\/\/www.medianus.at\/bibel\/wp-content\/uploads\/2024\/03\/2024_03_13_Podcast_243_F\u00e4den_vereinigen_sich_Br\u00fccke_von_Kertsch.mp3\"><\/audio><figcaption class=\"wp-element-caption\">Podcast-243_F\u00e4den vereinigen sich: Br\u00fccke von Kertsch, K\u00fcndigung von Vertr\u00e4gen, Obama, Clinton und Haiti.<\/figcaption><\/figure>\n\n\n\n<figure class=\"wp-block-audio\"><audio controls src=\"https:\/\/www.medianus.at\/bibel\/wp-content\/uploads\/2024\/03\/2024_03_16_Podcast_244_Was_ist_die_5te_Dimension_h\u00f6here_Schwingung.mp3\"><\/audio><figcaption class=\"wp-element-caption\">Podcast-244_Was ist die 5te Dimension, h\u00f6here Schwingung oder der Himmel, und wie komme ich mit meinen Kindern dahin?<\/figcaption><\/figure>\n\n\n\n<figure class=\"wp-block-audio\"><audio controls src=\"https:\/\/www.medianus.at\/bibel\/wp-content\/uploads\/2024\/03\/2024_03_20_Podcast_245_Donald_Trumps_Bloodbath_Donald_Trumps_Blutbad.mp3\"><\/audio><figcaption class=\"wp-element-caption\">Podcast-245_Donald Trump&#8217;s Bloodbath &#8211; Donald Trumps Blutbad.<\/figcaption><\/figure>\n\n\n\n<figure class=\"wp-block-audio\"><audio controls src=\"https:\/\/www.medianus.at\/bibel\/wp-content\/uploads\/2024\/03\/2024_03_27_Podcast_246_RKI_Files_Crocus_und_N\u00fcrnberger_Kodex.mp3\"><\/audio><figcaption class=\"wp-element-caption\">Podcast-246_RKI-Files, Crocus, N\u00fcrnberger Kodex und falsche Vergebung.<\/figcaption><\/figure>\n\n\n\n<figure class=\"wp-block-audio\"><audio controls src=\"https:\/\/www.medianus.at\/bibel\/wp-content\/uploads\/2024\/03\/204_03_30_Austausch_Nr_2_zwischen_Friedemann_Mack_und_Wahrheitsj\u00e4ger.mp3\"><\/audio><figcaption class=\"wp-element-caption\">Austausch Nr. 2 zwischen Friedemann Mack und Wahrheitsj\u00e4ger.<\/figcaption><\/figure>\n\n\n\n<h2 class=\"wp-block-heading\">  Wahrheitsj\u00e4ger April 2024  <\/h2>\n\n\n\n<figure class=\"wp-block-audio\"><audio controls src=\"https:\/\/www.medianus.at\/bibel\/wp-content\/uploads\/2024\/04\/2024_04_04_Podcast_247_Der_Zusammenhang_zwischen_Michell_Obama_und.mp3\"><\/audio><figcaption class=\"wp-element-caption\">Der Zusammenhang zwischen Michell Obama und der Francis Scott Key Br\u00fccke.<\/figcaption><\/figure>\n\n\n\n<figure class=\"wp-block-audio\"><audio controls src=\"https:\/\/www.medianus.at\/bibel\/wp-content\/uploads\/2024\/04\/2024_04_10_Podcast_248_F\u00e4den_verkn\u00fcpfen_um_gr\u00f6\u00dfere_Zusammenh\u00e4nge.mp3\"><\/audio><figcaption class=\"wp-element-caption\">Podcast-248_F\u00e4den verkn\u00fcpfen um gr\u00f6\u00dfere Zusammenh\u00e4nge zu sehen.<\/figcaption><\/figure>\n\n\n\n<figure class=\"wp-block-audio\"><audio controls src=\"https:\/\/www.medianus.at\/bibel\/wp-content\/uploads\/2024\/04\/2024_04_16_Podcast_249_Wir_sehen_den_Tod_der_Tausend_Schnitte.mp3\"><\/audio><figcaption class=\"wp-element-caption\">Podcast-249_Wir sehen den Tod der Tausend kleinen Schnitte<\/figcaption><\/figure>\n\n\n\n<figure class=\"wp-block-audio\"><audio controls src=\"https:\/\/www.medianus.at\/bibel\/wp-content\/uploads\/2024\/04\/2024_04_16_Podcast_250_Irans_Gegenschlag_war_viel_erfolgreicher.mp3\"><\/audio><figcaption class=\"wp-element-caption\">Podcast-250_Irans Gegenschlag war viel erfolgreicher als Israel zugibt<\/figcaption><\/figure>\n\n\n\n<figure class=\"wp-block-audio\"><audio controls src=\"https:\/\/www.medianus.at\/bibel\/wp-content\/uploads\/2024\/04\/2024_04_21_Podcast_251_Wie_h\u00e4rte_ich_mich_gegen_angstmachende_\u00dcberraschungen.mp3\"><\/audio><figcaption class=\"wp-element-caption\">Podcast-251_Wie h\u00e4rte ich mich gegen angstmachende \u00dcberraschungen?<\/figcaption><\/figure>\n\n\n\n<figure class=\"wp-block-audio\"><audio controls src=\"https:\/\/www.medianus.at\/bibel\/wp-content\/uploads\/2024\/04\/2024_04_25_Podcast_252_Der_MIK_spricht_Wir_haben_Waffen_geliefert.mp3\"><\/audio><figcaption class=\"wp-element-caption\">Podcast-252_Der MIK spricht: &#8222;Wir haben Waffen geliefert, aber wo ist die Knete?&#8220;<\/figcaption><\/figure>\n\n\n\n<h2 class=\"wp-block-heading\"> Wahrheitsj\u00e4ger Mai 2024   <\/h2>\n\n\n\n<figure class=\"wp-block-audio\"><audio controls src=\"https:\/\/www.medianus.at\/bibel\/wp-content\/uploads\/2024\/05\/2024_05_01_Podcast_253_Ukraine_und_die_Verf\u00fchrbarkeit_durch_Bilder.mp3\"><\/audio><figcaption class=\"wp-element-caption\">Podcast-253_Ukraine und die Verf\u00fchrbarkeit durch Bilder.<\/figcaption><\/figure>\n\n\n\n<figure class=\"wp-block-audio\"><audio controls src=\"https:\/\/www.medianus.at\/bibel\/wp-content\/uploads\/2024\/05\/2024_05_05_Podcast_254_Verschiedenes_aus_aller_Welt_Ukraine_USA.mp3\"><\/audio><figcaption class=\"wp-element-caption\">Podcast-254_Verschiedenes aus aller Welt, Ukraine, USA, Israel, usw \u2026<\/figcaption><\/figure>\n\n\n\n<figure class=\"wp-block-audio\"><audio controls src=\"https:\/\/www.medianus.at\/bibel\/wp-content\/uploads\/2024\/05\/2024_05_10_Podcast_255_Wie_choreographiert_man_einen_nuklearen_Krieg.mp3\"><\/audio><figcaption class=\"wp-element-caption\">Podcast-255_Wie choreographiert man einen nuklearen Krieg ?<\/figcaption><\/figure>\n\n\n\n<figure class=\"wp-block-audio\"><audio controls src=\"blob:https:\/\/www.medianus.at\/dd1cb9c4-d497-4762-a9d5-1e99e3cb5b87\"><\/audio><figcaption class=\"wp-element-caption\">Podcast-256_Zeitfenster schlie\u00dfen und \u00f6ffnen sich, aber wie lange noch?<\/figcaption><\/figure>\n\n\n\n<figure class=\"wp-block-audio\"><audio controls src=\"https:\/\/www.medianus.at\/bibel\/wp-content\/uploads\/2024\/05\/2024_05_16_Podcast_257_Wie_der_globalistische_Plan_zum_Entgleisen.mp3\"><\/audio><figcaption class=\"wp-element-caption\">Podcast-257_Wie der globalistische Plan zum Entgleisen gebracht wurde.<\/figcaption><\/figure>\n\n\n\n<figure class=\"wp-block-audio\"><audio controls src=\"https:\/\/www.medianus.at\/bibel\/wp-content\/uploads\/2024\/05\/2024_05_22_Podcast_258_Always_Think_Mirror_Immer_sch\u00f6n_spiegelbildlich.mp3\"><\/audio><figcaption class=\"wp-element-caption\">Podcast-258_Always Think Mirror &#8211; Immer sch\u00f6n spiegelbildlich denken.<\/figcaption><\/figure>\n\n\n\n<figure class=\"wp-block-audio\"><audio controls src=\"https:\/\/www.medianus.at\/bibel\/wp-content\/uploads\/2024\/05\/2024_05_27_Podcast_259_Jetzt_brennt_die_Luzi_der_Kittel_und_der.mp3\"><\/audio><figcaption class=\"wp-element-caption\">Podcast-259_Jetzt brennt die Luzi, der Kittel und der Hut!<\/figcaption><\/figure>\n\n\n\n<figure class=\"wp-block-audio\"><audio controls src=\"https:\/\/www.medianus.at\/bibel\/wp-content\/uploads\/2024\/05\/2024_05_30_Podcast_260_Einige_Gedanken_zur_Entwirrung_einer_komplex.mp3\"><\/audio><figcaption class=\"wp-element-caption\">Podcast-260_Einige Gedanken zur Entwirrung einer komplex erscheinenden Lage.<\/figcaption><\/figure>\n\n\n\n<h2 class=\"wp-block-heading\"> Wahrheitsj\u00e4ger Juni 2024    <\/h2>\n\n\n\n<figure class=\"wp-block-audio\"><audio controls src=\"https:\/\/www.medianus.at\/bibel\/wp-content\/uploads\/2024\/06\/2024_06_01_Podcast_261_Die_Welt_kommt_zum_Scherbengericht_aber.mp3\"><\/audio><figcaption class=\"wp-element-caption\">Podcast-261_Die Welt kommt zum Scherbengericht, \u2014 aber wie geht das?<\/figcaption><\/figure>\n\n\n\n<figure class=\"wp-block-audio\"><audio controls src=\"https:\/\/www.medianus.at\/bibel\/wp-content\/uploads\/2024\/06\/2024_06_04_Podcast_262_Deindustrialisierung_bringt_Verarmung_und.mp3\"><\/audio><figcaption class=\"wp-element-caption\">Podcast-262_Deindustrialisierung bringt Verarmung und den Hungertod \u2014 Das erkl\u00e4rte Ziel ist Entv\u00f6lkerung!<\/figcaption><\/figure>\n\n\n\n<figure class=\"wp-block-audio\"><audio controls src=\"https:\/\/www.medianus.at\/bibel\/wp-content\/uploads\/2024\/06\/2024_06_07_Podcast_263_Eintopf_aus_Glyphosat_SOS_Zeichen_und_russischen.mp3\"><\/audio><figcaption class=\"wp-element-caption\">Podcast-263_Eintopf aus Glyphosat, SOS-Zeichen, und russischen Waffen f\u00fcr freundliche L\u00e4nder.<\/figcaption><\/figure>\n\n\n\n<figure class=\"wp-block-audio\"><audio controls src=\"https:\/\/www.medianus.at\/bibel\/wp-content\/uploads\/2024\/06\/2024_06_09_Podcast_264_Intelligenztest_oder_Charaktertest_das_ist.mp3\"><\/audio><figcaption class=\"wp-element-caption\">Podcast-264_Intelligenztest oder Charaktertest \u2014 das ist hier die Frage.<\/figcaption><\/figure>\n\n\n\n<figure class=\"wp-block-audio\"><audio controls src=\"https:\/\/www.medianus.at\/bibel\/wp-content\/uploads\/2024\/06\/2024_06_12_Podcast_265_Wiederherstellung_von_Recht_in_der_Gesellschaft.mp3\"><\/audio><figcaption class=\"wp-element-caption\">Podcast-265_Wiederherstellung von Recht in der Gesellschaft durch Tabus und pers\u00f6nliche Haftung.<\/figcaption><\/figure>\n\n\n\n<figure class=\"wp-block-audio\"><audio controls src=\"https:\/\/www.medianus.at\/bibel\/wp-content\/uploads\/2024\/06\/2024_06_15_Podcast_266_Wacht_auf_kommt_in_die_Selbstachtung_und.mp3\"><\/audio><figcaption class=\"wp-element-caption\">Podcast-266_Wacht auf, kommt in die Selbstachtung und lasst Euch nicht l\u00e4nger verarschen!!<\/figcaption><\/figure>\n\n\n\n<figure class=\"wp-block-audio\"><audio controls src=\"https:\/\/www.medianus.at\/bibel\/wp-content\/uploads\/2024\/06\/2024_06_17_Podcast_267_Einige_technische_Dinge_und_was_ist_Analyse.mp3\"><\/audio><figcaption class=\"wp-element-caption\">Podcast-267_Einige technische Dinge und wie kommt man ins Handeln? Durch Analyse, Entscheidung und Entschluss!<\/figcaption><\/figure>\n\n\n\n<figure class=\"wp-block-audio\"><audio controls src=\"https:\/\/www.medianus.at\/bibel\/wp-content\/uploads\/2024\/06\/2024_06_19_Podcast_268_Welche_Entschl\u00fcsse_k\u00f6nnen_oder_sollten_wir.mp3\"><\/audio><figcaption class=\"wp-element-caption\">Podcast-268_Welche Entschl\u00fcsse k\u00f6nnen oder sollten wir fassen?<\/figcaption><\/figure>\n\n\n\n<figure class=\"wp-block-audio\"><audio controls src=\"https:\/\/www.medianus.at\/bibel\/wp-content\/uploads\/2024\/06\/2024_06_21_Podcast_269_Gr\u00fcngl\u00f6ckchen_Blackr\u00f6ckchen_oder_wenn_der.mp3\"><\/audio><figcaption class=\"wp-element-caption\">Podcast-269_Gr\u00fcngl\u00f6ckchen, Blackr\u00f6ckchen oder wenn der Merzen dem Bauern das R\u00f6sslein wegnimmt.<\/figcaption><\/figure>\n\n\n\n<figure class=\"wp-block-audio\"><audio controls src=\"https:\/\/www.medianus.at\/bibel\/wp-content\/uploads\/2024\/06\/wahrheit.mp3\"><\/audio><figcaption class=\"wp-element-caption\">Podcast-270_Der Tiefe Staat ist in Panik, denn seine Zeit ist abgelaufen<\/figcaption><\/figure>\n\n\n\n<h2 class=\"wp-block-heading\">Wahrheitsj\u00e4ger Juli 2024 <\/h2>\n\n\n\n<figure class=\"wp-block-audio\"><audio controls src=\"https:\/\/www.medianus.at\/bibel\/wp-content\/uploads\/2024\/07\/2024_07_03_Podcast_271_Chevron_Reference_Krim_FAB3000_Exekutive.mp3\"><\/audio><figcaption class=\"wp-element-caption\">Podcast-271_Chevron Reference &#8211; Krim &#8211; FAB3000 &#8211; Exekutive Immunit\u00e4t im Amt.<\/figcaption><\/figure>\n\n\n\n<figure class=\"wp-block-audio\"><audio controls src=\"https:\/\/www.medianus.at\/bibel\/wp-content\/uploads\/2024\/07\/2024_07_07_Podcast_272_Das_Canonische_Recht_der_Roemischen_Kirche.mp3\"><\/audio><figcaption class=\"wp-element-caption\">Podcast-272_Das Canonische Recht der R\u00f6mischen Kirche &#8211; 1.<\/figcaption><\/figure>\n\n\n\n<figure class=\"wp-block-audio\"><audio controls src=\"https:\/\/www.medianus.at\/bibel\/wp-content\/uploads\/2024\/07\/2024_07_09_Podcast_273_Der_2_plus_4_Vertrag_Das_Canonische_Recht.mp3\"><\/audio><figcaption class=\"wp-element-caption\">Podcast-273_Der 2-plus-4-Vertrag &#8211; Das Canonische Recht der R\u00f6mischen Kirche &#8211; 2.<\/figcaption><\/figure>\n\n\n\n<figure class=\"wp-block-audio\"><audio controls src=\"https:\/\/www.medianus.at\/bibel\/wp-content\/uploads\/2024\/07\/2024-07-17_Podcast-274_Verschiedenes-Trump-Attentat.mp3\"><\/audio><figcaption class=\"wp-element-caption\">Podcast-274_Verschiedenes &amp; Trump-Attentat<\/figcaption><\/figure>\n\n\n\n<figure class=\"wp-block-audio\"><audio controls src=\"https:\/\/www.medianus.at\/bibel\/wp-content\/uploads\/2024\/07\/2024_07_19_Podcast_275_Heute_mal_ganz_kurz_Trump_Attentat_revisited.mp3\"><\/audio><figcaption class=\"wp-element-caption\">Podcast-275_Heute mal ganz kurz &#8211; Trump Attentat revisited.<\/figcaption><\/figure>\n\n\n\n<figure class=\"wp-block-audio\"><audio controls src=\"https:\/\/www.medianus.at\/bibel\/wp-content\/uploads\/2024\/07\/2024_07_21_Podcast_276_Mehr_ueber_Alex_Soros_Twitter_Nachricht_und.mp3\"><\/audio><figcaption class=\"wp-element-caption\">Podcast-276_Mehr \u00fcber Alex Soros Twitter Nachricht und die Macht des \u0399\u03a7\u0398\u03a5\u03a3.<\/figcaption><\/figure>\n\n\n<p><a href=\"https:\/\/fufmedia.de\/wp-content\/uploads\/2021\/01\/Das-Kind-am-Rand-der-Strasse_Magazin_EBook.pdf\" rel=\"noopener\" target=\"_blank\">Das Kind am Rand der Strasse<\/a><\/p>\n\n\n<figure class=\"wp-block-audio\"><audio controls src=\"https:\/\/www.medianus.at\/bibel\/wp-content\/uploads\/2024\/07\/2024_07_24_Podcast_277_13_jaehriger_Erfinder_Unternehmer_Geschaeftsmann.mp3\"><\/audio><figcaption class=\"wp-element-caption\">Podcast-277_13-j\u00e4hriger Erfinder, Unternehmer, Gesch\u00e4ftsmann und Quantenphysiker spricht \u00fcber freie Energie und Gott.<\/figcaption><\/figure>\n\n\n\n<figure class=\"wp-block-audio\"><audio controls src=\"https:\/\/www.medianus.at\/bibel\/wp-content\/uploads\/2024\/07\/2024_07_30_Podcast_278_Angriff_auf_Halbinsel_Kola_und_Wagner_und-1.mp3\"><\/audio><figcaption class=\"wp-element-caption\">Podcast-278_Angriff auf Halbinsel Kola und Wagner &#8211; und die globale Gesamtwetterlage.<\/figcaption><\/figure>\n\n\n\n<h2 class=\"wp-block-heading\">Wahrheitsj\u00e4ger August 2024<\/h2>\n\n\n\n<figure class=\"wp-block-audio\"><audio controls src=\"https:\/\/www.medianus.at\/bibel\/wp-content\/uploads\/2024\/08\/2024_08_05_Podcast_279_Ukraine_A_Week_to_Remember_Something_Big.mp3\"><\/audio><figcaption class=\"wp-element-caption\">Podcast-279_Ukraine, A Week to Remember, Something Big is About to Drop.<\/figcaption><\/figure>\n\n\n\n<figure class=\"wp-block-audio\"><audio controls src=\"https:\/\/www.medianus.at\/bibel\/wp-content\/uploads\/2024\/08\/2024_08_11_Podcast_280_Die_Biblische_Endzeit_Religionsgeschichtlicher.mp3\"><\/audio><figcaption class=\"wp-element-caption\">Podcast-280_Die Biblische Endzeit &#8211; Ein religionsgeschichtlicher Hintergrund.<\/figcaption><\/figure>\n\n\n\n<figure class=\"wp-block-audio\"><audio controls src=\"https:\/\/www.medianus.at\/bibel\/wp-content\/uploads\/2024\/08\/2024_08_17_Podcast_281_Was_hat_Trump_da_in_Palm_Beach_gesagt\u0241_Ein.mp3\"><\/audio><figcaption class=\"wp-element-caption\">Podcast-281_Was hat Trump da in Palm Beach gesagt? \u2014 Und ein paar weitere \u00dcberlegungen.<\/figcaption><\/figure>\n\n\n\n<figure class=\"wp-block-audio\"><audio controls src=\"https:\/\/www.medianus.at\/bibel\/wp-content\/uploads\/2024\/08\/2024_08_21_Podcast_282_Kriege_gegen_Russland_Die_russische_Seele.mp3\"><\/audio><figcaption class=\"wp-element-caption\">Podcast-282_Kriege gegen Russland &#8211; Die russische Seele.<\/figcaption><\/figure>\n\n\n\n<figure class=\"wp-block-audio\"><audio controls src=\"https:\/\/www.medianus.at\/bibel\/wp-content\/uploads\/2024\/08\/Gespraech_F_Mack_mit_Wahrheitsjaeger_ueber_Verhaftung_von_Durov_2024.mp3\"><\/audio><figcaption class=\"wp-element-caption\">Gespr\u00e4ch F-Mack mit Wahrheitsj\u00e4ger \u00fcber Verhaftung von Durov &#8211; 2024-08-25<\/figcaption><\/figure>\n\n\n\n<figure class=\"wp-block-audio\"><audio controls src=\"https:\/\/www.medianus.at\/bibel\/wp-content\/uploads\/2024\/08\/2024_08_27_Podcast_283_Ereignisse_in_der_Ukraine_Trump_in_Haft.mp3\"><\/audio><figcaption class=\"wp-element-caption\">Podcast-283_Ereignisse in der Ukraine, Trump in Haft, Erdbebenwaffen.<\/figcaption><\/figure>\n\n\n\n<figure class=\"wp-block-audio\"><audio controls src=\"https:\/\/www.medianus.at\/bibel\/wp-content\/uploads\/2024\/08\/2024_08_30_Podcast_284_Gesamtsicht_TS_stachelt_Buergerkrieg_an.mp3\"><\/audio><figcaption class=\"wp-element-caption\">Podcast-284_Gesamtsicht, TS stachelt B\u00fcrgerkrieg an, Trump k\u00fcndigt Tribunale an, Ausblick<\/figcaption><\/figure>\n\n\n\n<h2 class=\"wp-block-heading\">Wahrheitsj\u00e4ger September 2024<\/h2>\n\n\n\n<figure class=\"wp-block-audio\"><audio controls src=\"https:\/\/www.medianus.at\/bibel\/wp-content\/uploads\/2024\/09\/2024_09_01_Podcast_285_Gift_heisst_lateinisch_Virus_und_genau.mp3\"><\/audio><figcaption class=\"wp-element-caption\">Podcast-285_Gift hei\u00dft lateinisch &#8218;Virus&#8216;, und genau das ist es; COVID ist Schlangengift!<\/figcaption><\/figure>\n\n\n\n<figure class=\"wp-block-audio\"><audio controls src=\"https:\/\/www.medianus.at\/bibel\/wp-content\/uploads\/2024\/09\/2024_09_09_Podcast_286_Ukraine_Scholzi_will_Frieden_Michel_Barnier.mp3\"><\/audio><figcaption class=\"wp-element-caption\">Podcast-286_Ukraine, Scholzi will Frieden, Michel Barnier, Irland, VW, China-Afrika-Kooperation \u2026<\/figcaption><\/figure>\n\n\n\n<figure class=\"wp-block-audio\"><audio controls src=\"https:\/\/www.medianus.at\/bibel\/wp-content\/uploads\/2024\/09\/2024_09_12_Podcast_287_Warum_will_Scholzi_Frieden_und_was_hat_das.mp3\"><\/audio><figcaption class=\"wp-element-caption\">Podcast-287_Warum will Scholzi Frieden und was hat das mit einem Kamelhaar zu tun?<\/figcaption><\/figure>\n\n\n\n<figure class=\"wp-block-audio\"><audio controls src=\"https:\/\/www.medianus.at\/bibel\/wp-content\/uploads\/2024\/09\/2024_09_20_Podcast_288_Es_gibt_so_viel_zu_sagen_und_berichten_wo.mp3\"><\/audio><figcaption class=\"wp-element-caption\">Podcast-288_Es gibt so viel zu sagen und berichten \u2014 wo fangen wir an?<\/figcaption><\/figure>\n\n\n\n<figure class=\"wp-block-audio\"><audio controls src=\"https:\/\/www.medianus.at\/bibel\/wp-content\/uploads\/2024\/09\/2024_09_25_Podcast_289_Die_Waffenruestung_Gottes_oder_das_morphogenetische.mp3\"><\/audio><figcaption class=\"wp-element-caption\">odcast-289_Die Waffenr\u00fcstung Gottes oder das morphogenetische Feld.<\/figcaption><\/figure>\n\n\n\n<h2 class=\"wp-block-heading\">Wahrheitsj\u00e4ger Oktober 2024<\/h2>\n\n\n\n<figure class=\"wp-block-audio\"><audio controls src=\"https:\/\/www.medianus.at\/bibel\/wp-content\/uploads\/2024\/10\/2024_10_02_Podcast_290_Gemengelage_Naher_Osten_sind_TS_und_WH.mp3\"><\/audio><figcaption class=\"wp-element-caption\">Podcast-290_Gemengelage, Naher Osten, sind Tiefer Staat und White-Hats zwei Fl\u00fcgel am selben Vogel?<\/figcaption><\/figure>\n\n\n\n<figure class=\"wp-block-audio\"><audio controls src=\"https:\/\/www.medianus.at\/bibel\/wp-content\/uploads\/2024\/10\/2024_10_09_Podcast_291_Ukraine_USA_Uranium_Eins_wir_alle_und.mp3\"><\/audio><figcaption class=\"wp-element-caption\">Podcast-291_Ukraine, USA, Uranium Eins, wir alle und unsere Rollen in der Gemeinschaft.<\/figcaption><\/figure>\n\n\n\n<figure class=\"wp-block-audio\"><audio controls src=\"https:\/\/www.medianus.at\/bibel\/wp-content\/uploads\/2024\/10\/Friedemann-Wahrheitsjaeger-Teil-1.mp3\"><\/audio><figcaption class=\"wp-element-caption\">M\u00e4ckle im Gespr\u00e4ch mit dem Wahrheitsj\u00e4ger<br>Aktuelles Weltgeschehen Teil 1<\/figcaption><\/figure>\n\n\n\n<figure class=\"wp-block-audio\"><audio controls src=\"https:\/\/www.medianus.at\/bibel\/wp-content\/uploads\/2024\/10\/Friedemann-Wahrheitsjaeger-Teil-2.mp3\"><\/audio><figcaption class=\"wp-element-caption\">M\u00e4ckle im Gespr\u00e4ch mit dem Wahrheitsj\u00e4ger<br>Aktuelles Weltgeschehen Teil 2<\/figcaption><\/figure>\n\n\n\n<figure class=\"wp-block-audio\"><audio controls src=\"https:\/\/www.medianus.at\/bibel\/wp-content\/uploads\/2024\/10\/2024_10_16_Podcast_292_Der_Zuhause_Modus_und_weitere_Themen.mp3\"><\/audio><figcaption class=\"wp-element-caption\">Podcast-292_Der &#8220;Zuhause-Modus&#8220; verminderter Wachsamkeit und weitere Themen, wie die Wahlen, die EU, Migration, etc.<\/figcaption><\/figure>\n\n\n\n<figure class=\"wp-block-audio\"><audio controls src=\"https:\/\/www.medianus.at\/bibel\/wp-content\/uploads\/2024\/10\/2024_10_22_Podcast_293_Endgame_Die_Lunte_zum_vorgespiegelten_Nuklearkrieg.mp3\"><\/audio><figcaption class=\"wp-element-caption\">Podcast-293_Endgame &#8211; Die Lunte zum vorgespiegelten Nuklearkrieg brennt an drei Stellen<\/figcaption><\/figure>\n\n\n\n<figure class=\"wp-block-audio\"><audio controls src=\"https:\/\/www.medianus.at\/bibel\/wp-content\/uploads\/2024\/10\/2024_10_29_Podcast_294_Was_ist_ein_Kriegsverbrechen_BRICS_und_Kasan.mp3\"><\/audio><figcaption class=\"wp-element-caption\">Podcast-294_Was ist ein Kriegsverbrechen? \u2014 BRICS und Kasan \u2014 USrael und Ukraine<\/figcaption><\/figure>\n\n\n\n<h2 class=\"wp-block-heading\">Wahrheitsj\u00e4ger November 2024<\/h2>\n\n\n\n<figure class=\"wp-block-audio\"><audio controls src=\"https:\/\/www.medianus.at\/bibel\/wp-content\/uploads\/2024\/11\/2024_11_01_Podcast_295_Russland_gewinnt_der_Kreis_schliesst_sich.mp3\"><\/audio><figcaption class=\"wp-element-caption\">Podcast-295_Russland gewinnt, der Kreis schlie\u00dft sich, das Ende naht, the elites are screwed.<\/figcaption><\/figure>\n\n\n\n<figure class=\"wp-block-audio\"><audio controls src=\"https:\/\/www.medianus.at\/bibel\/wp-content\/uploads\/2024\/11\/2024_11_10_Podcast_296_Die_grosse_Enttaeuschung_Schon_wieder_Experten.mp3\"><\/audio><figcaption class=\"wp-element-caption\">Podcast-296_Die gro\u00dfe Entt\u00e4uschung \u2014 Schon wieder Experten in der Wahrheitsbewegung!<\/figcaption><\/figure>\n\n\n\n<figure class=\"wp-block-audio\"><audio controls src=\"https:\/\/www.medianus.at\/bibel\/wp-content\/uploads\/2024\/11\/2024_11_13_Podcast_297_Danke_fuer_die_Rueckmeldungen_Gesamtueberblick.mp3\"><\/audio><figcaption class=\"wp-element-caption\">Podcast-297_Danke f\u00fcr die R\u00fcckmeldungen &#8211; Gesamt\u00fcberblick &#8211; Wo stehen wir?<\/figcaption><\/figure>\n\n\n\n<figure class=\"wp-block-audio\"><audio controls src=\"https:\/\/www.medianus.at\/bibel\/wp-content\/uploads\/2024\/11\/2024_11_20_Podcast_298_Was_ruft_diese_Verheerung_in_den_Menschenhirnen.mp3\"><\/audio><figcaption class=\"wp-element-caption\">Podcast-298_Was ruft diese Verheerung in den Menschenhirnen hervor \u2014 und vor allem wer steckt dahinter?<\/figcaption><\/figure>\n\n\n\n<figure class=\"wp-block-audio\"><audio controls src=\"https:\/\/www.medianus.at\/bibel\/wp-content\/uploads\/2024\/11\/2024_11_27_Podcast_299_Der_Kamelhaarriss_und_andere_Gagaismen_oder.mp3\"><\/audio><figcaption class=\"wp-element-caption\">Podcast-299_ Der Kamelhaarriss und andere Gagaismen oder andere mutma\u00dfliche Krankheiten<\/figcaption><\/figure>\n\n\n\n<h2 class=\"wp-block-heading\">Wahrheitsj\u00e4ger Dezember 2024<\/h2>\n\n\n\n<figure class=\"wp-block-audio\"><audio controls src=\"https:\/\/www.medianus.at\/bibel\/wp-content\/uploads\/2024\/12\/2024_04_12_Podcast_300_Der_blaue_und_der_rote_Zug_Gnadenerlasss.mp3\"><\/audio><figcaption class=\"wp-element-caption\">Podcast-300_Der blaue und der rote Zug, Gnadenerlasss, 30 000 fehlende Leichen, weitere Anschl\u00e4ge auf Trump?<\/figcaption><\/figure>\n\n\n\n<figure class=\"wp-block-audio\"><audio controls src=\"https:\/\/www.medianus.at\/bibel\/wp-content\/uploads\/2024\/12\/2024_12_11_Podcast_301_Das_Imperium_schlaegt_nicht_zurueck_sondern.mp3\"><\/audio><figcaption class=\"wp-element-caption\">Podcast-301_Das Imperium schl\u00e4gt nicht zur\u00fcck, sondern der kranke Riese strauchelt und f\u00e4llt.<\/figcaption><\/figure>\n\n\n\n<figure class=\"wp-block-audio\"><audio controls src=\"https:\/\/www.medianus.at\/bibel\/wp-content\/uploads\/2024\/12\/2024_12_18_Podcast_302_Spritualitaet_Portale_unbekannte_Flugobjekte.mp3\"><\/audio><figcaption class=\"wp-element-caption\">Podcast-302_Spritualit\u00e4t, Portale unbekannte Flugobjekte und fallende Regierungen.<\/figcaption><\/figure>\n\n\n\n<figure class=\"wp-block-audio\"><audio controls src=\"https:\/\/www.medianus.at\/bibel\/wp-content\/uploads\/2024\/12\/2024_12_25_Podcast_303_Weihnachten_Jahresausklang_aber_wie_geht.mp3\"><\/audio><figcaption class=\"wp-element-caption\">Podcast-303_Weihnachten, Jahresausklang und False Flags, aber wie geht es weiter?<\/figcaption><\/figure>\n","protected":false},"excerpt":{"rendered":"<p>Wer ist der Wahrheitsj\u00e4ger? Im August 2023 hat er das selbst erkl\u00e4rt. Wahrheitsj\u00e4ger J\u00e4nner 2024 Wahrheitsj\u00e4ger Februar 2024 Wahrheitsj\u00e4ger M\u00e4rz 2024 Wahrheitsj\u00e4ger April 2024 Wahrheitsj\u00e4ger Mai 2024 Wahrheitsj\u00e4ger Juni 2024 Wahrheitsj\u00e4ger Juli 2024 Das Kind am Rand der Strasse Wahrheitsj\u00e4ger August 2024 Wahrheitsj\u00e4ger September 2024 Wahrheitsj\u00e4ger Oktober 2024 Wahrheitsj\u00e4ger November 2024 Wahrheitsj\u00e4ger Dezember 2024<\/p>\n","protected":false},"author":1,"featured_media":0,"parent":0,"menu_order":0,"comment_status":"closed","ping_status":"closed","template":"","meta":{"footnotes":""},"class_list":["post-1566","page","type-page","status-publish","hentry"],"yoast_head":"<!-- This site is optimized with the Yoast SEO plugin v22.9 - https:\/\/yoast.com\/wordpress\/plugins\/seo\/ -->\n<title>Wahrheitsj\u00e4ger 2024 - Aktuelles und die Bibel<\/title>\n<meta name=\"description\" content=\"Der Wahrheitsj\u00e4ger verbindet die aktuelle Geopolitik mit der Bibel\" \/>\n<meta name=\"robots\" content=\"index, follow, max-snippet:-1, max-image-preview:large, max-video-preview:-1\" \/>\n<link rel=\"canonical\" href=\"https:\/\/www.medianus.at\/bibel\/wahrheitsjaeger-2024\/\" \/>\n<meta property=\"og:locale\" content=\"de_DE\" \/>\n<meta property=\"og:type\" content=\"article\" \/>\n<meta property=\"og:title\" content=\"Wahrheitsj\u00e4ger 2024 - Aktuelles und die Bibel\" \/>\n<meta property=\"og:description\" content=\"Der Wahrheitsj\u00e4ger verbindet die aktuelle Geopolitik mit der Bibel\" \/>\n<meta property=\"og:url\" content=\"https:\/\/www.medianus.at\/bibel\/wahrheitsjaeger-2024\/\" \/>\n<meta property=\"og:site_name\" content=\"Medianus\" \/>\n<meta property=\"article:modified_time\" content=\"2024-12-25T16:30:56+00:00\" \/>\n<meta property=\"og:image\" content=\"https:\/\/www.medianus.at\/bibel\/wp-content\/uploads\/2024\/02\/logo-1.png\" \/>\n<meta name=\"twitter:card\" content=\"summary_large_image\" \/>\n<meta name=\"twitter:label1\" content=\"Gesch\u00e4tzte Lesezeit\" \/>\n\t<meta name=\"twitter:data1\" content=\"5\u00a0Minuten\" \/>\n<script type=\"application\/ld+json\" class=\"yoast-schema-graph\">{\"@context\":\"https:\/\/schema.org\",\"@graph\":[{\"@type\":\"WebPage\",\"@id\":\"https:\/\/www.medianus.at\/bibel\/wahrheitsjaeger-2024\/\",\"url\":\"https:\/\/www.medianus.at\/bibel\/wahrheitsjaeger-2024\/\",\"name\":\"Wahrheitsj\u00e4ger 2024 - Aktuelles und die Bibel\",\"isPartOf\":{\"@id\":\"https:\/\/www.medianus.at\/bibel\/#website\"},\"primaryImageOfPage\":{\"@id\":\"https:\/\/www.medianus.at\/bibel\/wahrheitsjaeger-2024\/#primaryimage\"},\"image\":{\"@id\":\"https:\/\/www.medianus.at\/bibel\/wahrheitsjaeger-2024\/#primaryimage\"},\"thumbnailUrl\":\"https:\/\/www.medianus.at\/bibel\/wp-content\/uploads\/2024\/02\/logo-1.png\",\"datePublished\":\"2024-02-20T17:43:40+00:00\",\"dateModified\":\"2024-12-25T16:30:56+00:00\",\"description\":\"Der Wahrheitsj\u00e4ger verbindet die aktuelle Geopolitik mit der Bibel\",\"breadcrumb\":{\"@id\":\"https:\/\/www.medianus.at\/bibel\/wahrheitsjaeger-2024\/#breadcrumb\"},\"inLanguage\":\"de\",\"potentialAction\":[{\"@type\":\"ReadAction\",\"target\":[\"https:\/\/www.medianus.at\/bibel\/wahrheitsjaeger-2024\/\"]}]},{\"@type\":\"ImageObject\",\"inLanguage\":\"de\",\"@id\":\"https:\/\/www.medianus.at\/bibel\/wahrheitsjaeger-2024\/#primaryimage\",\"url\":\"https:\/\/www.medianus.at\/bibel\/wp-content\/uploads\/2024\/02\/logo-1.png\",\"contentUrl\":\"https:\/\/www.medianus.at\/bibel\/wp-content\/uploads\/2024\/02\/logo-1.png\",\"width\":962,\"height\":741},{\"@type\":\"BreadcrumbList\",\"@id\":\"https:\/\/www.medianus.at\/bibel\/wahrheitsjaeger-2024\/#breadcrumb\",\"itemListElement\":[{\"@type\":\"ListItem\",\"position\":1,\"name\":\"Startseite\",\"item\":\"https:\/\/www.medianus.at\/bibel\/\"},{\"@type\":\"ListItem\",\"position\":2,\"name\":\"Wahrheitsj\u00e4ger 2024\"}]},{\"@type\":\"WebSite\",\"@id\":\"https:\/\/www.medianus.at\/bibel\/#website\",\"url\":\"https:\/\/www.medianus.at\/bibel\/\",\"name\":\"Medianus\",\"description\":\"Endzeitbewu\u00dftsein\",\"publisher\":{\"@id\":\"https:\/\/www.medianus.at\/bibel\/#\/schema\/person\/9813ce5b369f8452dc40ce133ead17a7\"},\"potentialAction\":[{\"@type\":\"SearchAction\",\"target\":{\"@type\":\"EntryPoint\",\"urlTemplate\":\"https:\/\/www.medianus.at\/bibel\/?s={search_term_string}\"},\"query-input\":\"required name=search_term_string\"}],\"inLanguage\":\"de\"},{\"@type\":[\"Person\",\"Organization\"],\"@id\":\"https:\/\/www.medianus.at\/bibel\/#\/schema\/person\/9813ce5b369f8452dc40ce133ead17a7\",\"name\":\"Walter Panhuber\",\"image\":{\"@type\":\"ImageObject\",\"inLanguage\":\"de\",\"@id\":\"https:\/\/www.medianus.at\/bibel\/#\/schema\/person\/image\/\",\"url\":\"https:\/\/secure.gravatar.com\/avatar\/ff8326d54d16e623f9e2aeb12289ecab?s=96&d=mm&r=g\",\"contentUrl\":\"https:\/\/secure.gravatar.com\/avatar\/ff8326d54d16e623f9e2aeb12289ecab?s=96&d=mm&r=g\",\"caption\":\"Walter Panhuber\"},\"logo\":{\"@id\":\"https:\/\/www.medianus.at\/bibel\/#\/schema\/person\/image\/\"}}]}<\/script>\n<!-- \/ Yoast SEO plugin. -->","yoast_head_json":{"title":"Wahrheitsj\u00e4ger 2024 - Aktuelles und die Bibel","description":"Der Wahrheitsj\u00e4ger verbindet die aktuelle Geopolitik mit der Bibel","robots":{"index":"index","follow":"follow","max-snippet":"max-snippet:-1","max-image-preview":"max-image-preview:large","max-video-preview":"max-video-preview:-1"},"canonical":"https:\/\/www.medianus.at\/bibel\/wahrheitsjaeger-2024\/","og_locale":"de_DE","og_type":"article","og_title":"Wahrheitsj\u00e4ger 2024 - Aktuelles und die Bibel","og_description":"Der Wahrheitsj\u00e4ger verbindet die aktuelle Geopolitik mit der Bibel","og_url":"https:\/\/www.medianus.at\/bibel\/wahrheitsjaeger-2024\/","og_site_name":"Medianus","article_modified_time":"2024-12-25T16:30:56+00:00","og_image":[{"url":"https:\/\/www.medianus.at\/bibel\/wp-content\/uploads\/2024\/02\/logo-1.png"}],"twitter_card":"summary_large_image","twitter_misc":{"Gesch\u00e4tzte Lesezeit":"5\u00a0Minuten"},"schema":{"@context":"https:\/\/schema.org","@graph":[{"@type":"WebPage","@id":"https:\/\/www.medianus.at\/bibel\/wahrheitsjaeger-2024\/","url":"https:\/\/www.medianus.at\/bibel\/wahrheitsjaeger-2024\/","name":"Wahrheitsj\u00e4ger 2024 - Aktuelles und die Bibel","isPartOf":{"@id":"https:\/\/www.medianus.at\/bibel\/#website"},"primaryImageOfPage":{"@id":"https:\/\/www.medianus.at\/bibel\/wahrheitsjaeger-2024\/#primaryimage"},"image":{"@id":"https:\/\/www.medianus.at\/bibel\/wahrheitsjaeger-2024\/#primaryimage"},"thumbnailUrl":"https:\/\/www.medianus.at\/bibel\/wp-content\/uploads\/2024\/02\/logo-1.png","datePublished":"2024-02-20T17:43:40+00:00","dateModified":"2024-12-25T16:30:56+00:00","description":"Der Wahrheitsj\u00e4ger verbindet die aktuelle Geopolitik mit der Bibel","breadcrumb":{"@id":"https:\/\/www.medianus.at\/bibel\/wahrheitsjaeger-2024\/#breadcrumb"},"inLanguage":"de","potentialAction":[{"@type":"ReadAction","target":["https:\/\/www.medianus.at\/bibel\/wahrheitsjaeger-2024\/"]}]},{"@type":"ImageObject","inLanguage":"de","@id":"https:\/\/www.medianus.at\/bibel\/wahrheitsjaeger-2024\/#primaryimage","url":"https:\/\/www.medianus.at\/bibel\/wp-content\/uploads\/2024\/02\/logo-1.png","contentUrl":"https:\/\/www.medianus.at\/bibel\/wp-content\/uploads\/2024\/02\/logo-1.png","width":962,"height":741},{"@type":"BreadcrumbList","@id":"https:\/\/www.medianus.at\/bibel\/wahrheitsjaeger-2024\/#breadcrumb","itemListElement":[{"@type":"ListItem","position":1,"name":"Startseite","item":"https:\/\/www.medianus.at\/bibel\/"},{"@type":"ListItem","position":2,"name":"Wahrheitsj\u00e4ger 2024"}]},{"@type":"WebSite","@id":"https:\/\/www.medianus.at\/bibel\/#website","url":"https:\/\/www.medianus.at\/bibel\/","name":"Medianus","description":"Endzeitbewu\u00dftsein","publisher":{"@id":"https:\/\/www.medianus.at\/bibel\/#\/schema\/person\/9813ce5b369f8452dc40ce133ead17a7"},"potentialAction":[{"@type":"SearchAction","target":{"@type":"EntryPoint","urlTemplate":"https:\/\/www.medianus.at\/bibel\/?s={search_term_string}"},"query-input":"required name=search_term_string"}],"inLanguage":"de"},{"@type":["Person","Organization"],"@id":"https:\/\/www.medianus.at\/bibel\/#\/schema\/person\/9813ce5b369f8452dc40ce133ead17a7","name":"Walter Panhuber","image":{"@type":"ImageObject","inLanguage":"de","@id":"https:\/\/www.medianus.at\/bibel\/#\/schema\/person\/image\/","url":"https:\/\/secure.gravatar.com\/avatar\/ff8326d54d16e623f9e2aeb12289ecab?s=96&d=mm&r=g","contentUrl":"https:\/\/secure.gravatar.com\/avatar\/ff8326d54d16e623f9e2aeb12289ecab?s=96&d=mm&r=g","caption":"Walter Panhuber"},"logo":{"@id":"https:\/\/www.medianus.at\/bibel\/#\/schema\/person\/image\/"}}]}},"_links":{"self":[{"href":"https:\/\/www.medianus.at\/bibel\/wp-json\/wp\/v2\/pages\/1566"}],"collection":[{"href":"https:\/\/www.medianus.at\/bibel\/wp-json\/wp\/v2\/pages"}],"about":[{"href":"https:\/\/www.medianus.at\/bibel\/wp-json\/wp\/v2\/types\/page"}],"author":[{"embeddable":true,"href":"https:\/\/www.medianus.at\/bibel\/wp-json\/wp\/v2\/users\/1"}],"replies":[{"embeddable":true,"href":"https:\/\/www.medianus.at\/bibel\/wp-json\/wp\/v2\/comments?post=1566"}],"version-history":[{"count":91,"href":"https:\/\/www.medianus.at\/bibel\/wp-json\/wp\/v2\/pages\/1566\/revisions"}],"predecessor-version":[{"id":1909,"href":"https:\/\/www.medianus.at\/bibel\/wp-json\/wp\/v2\/pages\/1566\/revisions\/1909"}],"wp:attachment":[{"href":"https:\/\/www.medianus.at\/bibel\/wp-json\/wp\/v2\/media?parent=1566"}],"curies":[{"name":"wp","href":"https:\/\/api.w.org\/{rel}","templated":true}]}}