{"id":1265,"date":"2024-02-20T08:02:29","date_gmt":"2024-02-20T07:02:29","guid":{"rendered":"https:\/\/www.medianus.at\/bibel\/?page_id=1265"},"modified":"2024-02-21T13:58:37","modified_gmt":"2024-02-21T12:58:37","slug":"wahrheitsjaeger","status":"publish","type":"page","link":"https:\/\/www.medianus.at\/bibel\/wahrheitsjaeger\/","title":{"rendered":"Wahrheitsj\u00e4ger 2021"},"content":{"rendered":"\n<figure class=\"wp-block-audio\"><audio controls src=\"https:\/\/www.medianus.at\/bibel\/wp-content\/uploads\/2024\/02\/2021_10_07_Vorwort.mp3\"><\/audio><figcaption>Vorwort<\/figcaption><\/figure>\n\n\n\n<div class=\"side-menu is-left -center\" id=\"side-menu-1\"><ul class=\"sm-list\"><li class=\"sm-item\"><a href=\"https:\/\/www.medianus.at\/bibel\/wahrheitsjaeger\/\" target=\"_self\"  class=\"sm-link\"><span class=\"sm-icon fas fa-hand-point-up\"><\/span><span class=\"sm-label\">2021<\/span><\/a><\/li><li class=\"sm-item\"><a href=\"https:\/\/www.medianus.at\/bibel\/wahrheitsjaeger-2022\/\" target=\"_self\"  class=\"sm-link\"><span class=\"sm-icon fas fa-hand-point-up\"><\/span><span class=\"sm-label\">2022<\/span><\/a><\/li><li class=\"sm-item\"><a href=\"https:\/\/www.medianus.at\/bibel\/wahrheitsjaeger-2023\/\" target=\"_self\"  class=\"sm-link\"><span class=\"sm-icon fas fa-hand-point-up\"><\/span><span class=\"sm-label\">2023<\/span><\/a><\/li><li class=\"sm-item\"><a href=\"https:\/\/www.medianus.at\/bibel\/wahrheitsjaeger-2024\/\" target=\"_self\"  class=\"sm-link\"><span class=\"sm-icon fas fa-hand-point-up\"><\/span><span class=\"sm-label\">2024<\/span><\/a><\/li><li class=\"sm-item\"><a href=\"https:\/\/www.medianus.at\/bibel\/wahrheitsjaeger-2025\/\" target=\"_self\"  class=\"sm-link\"><span class=\"sm-icon fas fa-hand-point-up\"><\/span><span class=\"sm-label\">2025<\/span><\/a><\/li><li class=\"sm-item\"><a href=\"https:\/\/www.medianus.at\/bibel\/wahrheitsjaeger-2026\/\" target=\"_self\"  class=\"sm-link\"><span class=\"sm-icon fas fa-hand-point-up\"><\/span><span class=\"sm-label\">2026<\/span><\/a><\/li><\/ul><\/div>\n\n\n\n<div class=\"wp-block-image\"><figure class=\"aligncenter size-large is-resized\"><img loading=\"lazy\" decoding=\"async\" src=\"https:\/\/www.medianus.at\/bibel\/wp-content\/uploads\/2024\/02\/logo.png\" alt=\"\" class=\"wp-image-1282\" width=\"222\" height=\"171\" srcset=\"https:\/\/www.medianus.at\/bibel\/wp-content\/uploads\/2024\/02\/logo.png 962w, https:\/\/www.medianus.at\/bibel\/wp-content\/uploads\/2024\/02\/logo-300x231.png 300w, https:\/\/www.medianus.at\/bibel\/wp-content\/uploads\/2024\/02\/logo-768x592.png 768w\" sizes=\"(max-width: 222px) 85vw, 222px\" \/><\/figure><\/div>\n\n\n\n<h2 class=\"wp-block-heading\">Wer ist der Wahrheitsj\u00e4ger?<\/h2>\n\n\n\n<p>Im August 2023 hat er das selbst erkl\u00e4rt.<\/p>\n\n\n\n<figure class=\"wp-block-audio\"><audio controls src=\"https:\/\/www.medianus.at\/bibel\/wp-content\/uploads\/2024\/02\/2023_08_09_Zu-meiner-Person-1.mp3\"><\/audio><figcaption>Zu meiner Person<\/figcaption><\/figure>\n\n\n\n<h2 class=\"wp-block-heading\">Wahrheitsj\u00e4ger Oktober 2021<\/h2>\n\n\n\n<figure class=\"wp-block-audio\"><audio controls src=\"https:\/\/www.medianus.at\/bibel\/wp-content\/uploads\/2024\/02\/2021_10_08_Bereschit.mp3\"><\/audio><figcaption>Bereschit <\/figcaption><\/figure>\n\n\n\n<figure class=\"wp-block-audio\"><audio controls src=\"https:\/\/www.medianus.at\/bibel\/wp-content\/uploads\/2024\/02\/2021_10_09_Tamiym.mp3\"><\/audio><figcaption>Tamiym<\/figcaption><\/figure>\n\n\n\n<figure class=\"wp-block-audio\"><audio controls src=\"https:\/\/www.medianus.at\/bibel\/wp-content\/uploads\/2024\/02\/2021_10_10_Gnade-Regeneration.mp3\"><\/audio><figcaption>Gnade &amp; Regeneration<\/figcaption><\/figure>\n\n\n\n<figure class=\"wp-block-audio\"><audio controls src=\"https:\/\/www.medianus.at\/bibel\/wp-content\/uploads\/2024\/02\/2021_10_13_-Internationales-geophysikalisches-Jahr.mp3\"><\/audio><figcaption>Internationales-geophysikalisches-Jahr<\/figcaption><\/figure>\n\n\n\n<figure class=\"wp-block-audio\"><audio controls src=\"https:\/\/www.medianus.at\/bibel\/wp-content\/uploads\/2024\/02\/2021_10_14_Grand-Solar-Min.mp3\"><\/audio><figcaption>Grand-Solar-Min<\/figcaption><\/figure>\n\n\n\n<figure class=\"wp-block-audio\"><audio controls src=\"https:\/\/www.medianus.at\/bibel\/wp-content\/uploads\/2024\/02\/2021_10_22_Auswirkungen-des-Solar-Min.mp3\"><\/audio><figcaption>Auswirkungen des Solar-Min<\/figcaption><\/figure>\n\n\n\n<figure class=\"wp-block-audio\"><audio controls src=\"https:\/\/www.medianus.at\/bibel\/wp-content\/uploads\/2024\/02\/2021_10_22_Scheitern-Heylels-das-SOK.mp3\"><\/audio><figcaption>Scheitern Heylels &amp; das SOK<\/figcaption><\/figure>\n\n\n\n<figure class=\"wp-block-audio\"><audio controls src=\"https:\/\/www.medianus.at\/bibel\/wp-content\/uploads\/2024\/02\/2021_10_27_Die-Waffen-des-SOK.mp3\"><\/audio><figcaption>Die Waffen des SOK<\/figcaption><\/figure>\n\n\n\n<figure class=\"wp-block-audio\"><audio controls src=\"https:\/\/www.medianus.at\/bibel\/wp-content\/uploads\/2024\/02\/2021_10_30_Unerwartete-Best\u00e4tigung.mp3\"><\/audio><figcaption>Unerwartete Best\u00e4tigung<\/figcaption><\/figure>\n\n\n\n<figure class=\"wp-block-audio\"><audio controls src=\"https:\/\/www.medianus.at\/bibel\/wp-content\/uploads\/2024\/02\/2021_10_31_Trumps-Gambit-oder-des-Herrn-Gambit.mp3\"><\/audio><figcaption>Trumps Gambit oder des Herrn Gambit<\/figcaption><\/figure>\n\n\n\n<h2 class=\"wp-block-heading\">Wahrheitsj\u00e4ger November 2021<\/h2>\n\n\n\n<figure class=\"wp-block-audio\"><audio controls src=\"https:\/\/www.medianus.at\/bibel\/wp-content\/uploads\/2024\/02\/2021_11_10_Das-Senfkorn-die-Galgenv\u00f6gel.mp3\"><\/audio><figcaption>Das Senfkorn &amp; die Galgenv\u00f6gel<\/figcaption><\/figure>\n\n\n\n<figure class=\"wp-block-audio\"><audio controls src=\"https:\/\/www.medianus.at\/bibel\/wp-content\/uploads\/2024\/02\/2021_11_07_Pharmakeia.mp3\"><\/audio><figcaption> Pharmakeia <\/figcaption><\/figure>\n\n\n\n<figure class=\"wp-block-audio\"><audio controls src=\"https:\/\/www.medianus.at\/bibel\/wp-content\/uploads\/2024\/02\/2021_11_14_Flucht-in-den-Schlaf.mp3\"><\/audio><figcaption>Flucht in den Schlaf<\/figcaption><\/figure>\n\n\n\n<figure class=\"wp-block-audio\"><audio controls src=\"https:\/\/www.medianus.at\/bibel\/wp-content\/uploads\/2024\/02\/2021_11_15_Falsche-Flagge-nach-Hegel.mp3\"><\/audio><figcaption>Falsche Flagge nach Hegel<\/figcaption><\/figure>\n\n\n\n<figure class=\"wp-block-audio\"><audio controls src=\"https:\/\/www.medianus.at\/bibel\/wp-content\/uploads\/2024\/02\/2021_11_18_Ockhams-Messer.mp3\"><\/audio><figcaption>Ockhams Messer<\/figcaption><\/figure>\n\n\n\n<figure class=\"wp-block-audio\"><audio controls src=\"https:\/\/www.medianus.at\/bibel\/wp-content\/uploads\/2024\/02\/2021_11_19_Apokalypsis.mp3\"><\/audio><figcaption>Apokalypsis<\/figcaption><\/figure>\n\n\n\n<figure class=\"wp-block-audio\"><audio controls src=\"https:\/\/www.medianus.at\/bibel\/wp-content\/uploads\/2024\/02\/2021_11_25_Ein-wirklicher-Experte-Dr.-Sarnes.mp3\"><\/audio><figcaption>Ein wirklicher Experte &#8211; Dr. Sarnes<\/figcaption><\/figure>\n\n\n\n<figure class=\"wp-block-audio\"><audio controls src=\"https:\/\/www.medianus.at\/bibel\/wp-content\/uploads\/2024\/02\/2021_11_28_Erkl\u00e4rung-des-Begriffs-Amen.mp3\"><\/audio><figcaption>Erkl\u00e4rung des Begriffs Amen<\/figcaption><\/figure>\n\n\n\n<h2 class=\"wp-block-heading\">Wahrheitsj\u00e4ger Dezember 2021<\/h2>\n\n\n\n<figure class=\"wp-block-audio\"><audio controls src=\"https:\/\/www.medianus.at\/bibel\/wp-content\/uploads\/2024\/02\/2021_12_01_Einsam-verloren-oder-das-dreifache-Band.mp3\"><\/audio><figcaption>Einsam &amp; verloren oder das dreifache Band<\/figcaption><\/figure>\n\n\n\n<figure class=\"wp-block-audio\"><audio controls src=\"https:\/\/www.medianus.at\/bibel\/wp-content\/uploads\/2024\/02\/2021_12_03_Presseschau-Hintergr\u00fcnde.mp3\"><\/audio><figcaption>Presseschau &amp; Hintergr\u00fcnde<\/figcaption><\/figure>\n\n\n\n<figure class=\"wp-block-audio\"><audio controls src=\"https:\/\/www.medianus.at\/bibel\/wp-content\/uploads\/2024\/02\/2021_12_07_Massenpsychologie-Grundlage-des-Totalit\u00e4ren.mp3\"><\/audio><figcaption>Massenpsychologie Grundlage des Totalit\u00e4ren<\/figcaption><\/figure>\n\n\n\n<figure class=\"wp-block-audio\"><audio controls src=\"https:\/\/www.medianus.at\/bibel\/wp-content\/uploads\/2024\/02\/2021_12_10_Die-Omikron-Falle.mp3\"><\/audio><figcaption>Die Omikron Falle<\/figcaption><\/figure>\n\n\n\n<figure class=\"wp-block-audio\"><audio controls src=\"https:\/\/www.medianus.at\/bibel\/wp-content\/uploads\/2024\/02\/2021_12_12_GeStaPo-Kasper-aus-Harvard-die-Spirale-nach-unten.mp3\"><\/audio><figcaption>GeStaPo-Kasper aus Harvard &amp; die Spirale nach unten<\/figcaption><\/figure>\n\n\n\n<figure class=\"wp-block-audio\"><audio controls src=\"https:\/\/www.medianus.at\/bibel\/wp-content\/uploads\/2024\/02\/2021_12_14_Priesterpolitik-mit-Adreno-Chrome.mp3\"><\/audio><figcaption>Priesterpolitik mit Adreno &amp; Chrome<\/figcaption><\/figure>\n\n\n\n<figure class=\"wp-block-audio\"><audio controls src=\"https:\/\/www.medianus.at\/bibel\/wp-content\/uploads\/2024\/02\/2021_12_15_Finanz-Crash.mp3\"><\/audio><figcaption>Finanz-Crash<\/figcaption><\/figure>\n\n\n\n<figure class=\"wp-block-audio\"><audio controls src=\"https:\/\/www.medianus.at\/bibel\/wp-content\/uploads\/2024\/02\/2021_12_15_T\u00f6ten-f\u00fcr-Geld.mp3\"><\/audio><figcaption>T\u00f6ten f\u00fcr Geld<\/figcaption><\/figure>\n\n\n\n<figure class=\"wp-block-audio\"><audio controls src=\"https:\/\/www.medianus.at\/bibel\/wp-content\/uploads\/2024\/02\/2021_12_20_Nachwort-Der-Mammon.mp3\"><\/audio><figcaption>Nachwort &#8211; Der Mammon<\/figcaption><\/figure>\n\n\n\n<figure class=\"wp-block-audio\"><audio controls src=\"https:\/\/www.medianus.at\/bibel\/wp-content\/uploads\/2024\/02\/2021_12_22_Bitte-keine-Panik-frohe-Weihnacht.mp3\"><\/audio><figcaption>Bitte keine Panik &amp; frohe Weihnacht<\/figcaption><\/figure>\n\n\n\n<figure class=\"wp-block-audio\"><audio controls src=\"https:\/\/www.medianus.at\/bibel\/wp-content\/uploads\/2024\/02\/2021_12_23_Narrativ-der-Impfung-das-Bashing-der-Ungeimpften-br\u00f6ckelt.mp3\"><\/audio><figcaption>Narrativ der Impfung &amp; das Bashing der Ungeimpften br\u00f6ckelt<\/figcaption><\/figure>\n\n\n\n<figure class=\"wp-block-audio\"><audio controls src=\"https:\/\/www.medianus.at\/bibel\/wp-content\/uploads\/2024\/02\/2021_12_24_Frohe-Weihnacht-was-sonst-noch-so-passiert.mp3\"><\/audio><figcaption>Frohe Weihnacht &amp; was sonst noch so passiert<\/figcaption><\/figure>\n\n\n\n<figure class=\"wp-block-audio\"><audio controls src=\"https:\/\/www.medianus.at\/bibel\/wp-content\/uploads\/2024\/02\/2021_12_30_Gro\u00dfes-Blutbild-Patientenverf\u00fcgung.mp3\"><\/audio><figcaption>Gro\u00dfes Blutbild &amp; Patientenverf\u00fcgung<\/figcaption><\/figure>\n\n\n\n<figure class=\"wp-block-audio\"><audio controls src=\"https:\/\/www.medianus.at\/bibel\/wp-content\/uploads\/2024\/02\/2021_12_31_Wunsch-zum-neuen-Jahr-Handelt-klug.mp3\"><\/audio><figcaption>Wunsch zum neuen Jahr &#8211; Handelt klug<\/figcaption><\/figure>\n","protected":false},"excerpt":{"rendered":"<p>Wer ist der Wahrheitsj\u00e4ger? Im August 2023 hat er das selbst erkl\u00e4rt. Wahrheitsj\u00e4ger Oktober 2021 Wahrheitsj\u00e4ger November 2021 Wahrheitsj\u00e4ger Dezember 2021<\/p>\n","protected":false},"author":1,"featured_media":0,"parent":0,"menu_order":0,"comment_status":"closed","ping_status":"closed","template":"","meta":{"footnotes":""},"class_list":["post-1265","page","type-page","status-publish","hentry"],"yoast_head":"<!-- This site is optimized with the Yoast SEO plugin v22.9 - https:\/\/yoast.com\/wordpress\/plugins\/seo\/ -->\n<title>Wahrheitsj\u00e4ger 2021 - Bibel aktuell<\/title>\n<meta name=\"description\" content=\"Die Ereignisse des Jahres 2021 im Lichte der Bibel betrachtet. Podcasts vom Wahrheitsj\u00e4ger\" \/>\n<meta name=\"robots\" content=\"index, follow, max-snippet:-1, max-image-preview:large, max-video-preview:-1\" \/>\n<link rel=\"canonical\" href=\"https:\/\/www.medianus.at\/bibel\/wahrheitsjaeger\/\" \/>\n<meta property=\"og:locale\" content=\"de_DE\" \/>\n<meta property=\"og:type\" content=\"article\" \/>\n<meta property=\"og:title\" content=\"Wahrheitsj\u00e4ger 2021 - Bibel aktuell\" \/>\n<meta property=\"og:description\" content=\"Die Ereignisse des Jahres 2021 im Lichte der Bibel betrachtet. Podcasts vom Wahrheitsj\u00e4ger\" \/>\n<meta property=\"og:url\" content=\"https:\/\/www.medianus.at\/bibel\/wahrheitsjaeger\/\" \/>\n<meta property=\"og:site_name\" content=\"Medianus\" \/>\n<meta property=\"article:modified_time\" content=\"2024-02-21T12:58:37+00:00\" \/>\n<meta property=\"og:image\" content=\"https:\/\/www.medianus.at\/bibel\/wp-content\/uploads\/2024\/02\/logo.png\" \/>\n<meta name=\"twitter:card\" content=\"summary_large_image\" \/>\n<meta name=\"twitter:label1\" content=\"Gesch\u00e4tzte Lesezeit\" \/>\n\t<meta name=\"twitter:data1\" content=\"1\u00a0Minute\" \/>\n<script type=\"application\/ld+json\" class=\"yoast-schema-graph\">{\"@context\":\"https:\/\/schema.org\",\"@graph\":[{\"@type\":\"WebPage\",\"@id\":\"https:\/\/www.medianus.at\/bibel\/wahrheitsjaeger\/\",\"url\":\"https:\/\/www.medianus.at\/bibel\/wahrheitsjaeger\/\",\"name\":\"Wahrheitsj\u00e4ger 2021 - Bibel aktuell\",\"isPartOf\":{\"@id\":\"https:\/\/www.medianus.at\/bibel\/#website\"},\"primaryImageOfPage\":{\"@id\":\"https:\/\/www.medianus.at\/bibel\/wahrheitsjaeger\/#primaryimage\"},\"image\":{\"@id\":\"https:\/\/www.medianus.at\/bibel\/wahrheitsjaeger\/#primaryimage\"},\"thumbnailUrl\":\"https:\/\/www.medianus.at\/bibel\/wp-content\/uploads\/2024\/02\/logo.png\",\"datePublished\":\"2024-02-20T07:02:29+00:00\",\"dateModified\":\"2024-02-21T12:58:37+00:00\",\"description\":\"Die Ereignisse des Jahres 2021 im Lichte der Bibel betrachtet. Podcasts vom Wahrheitsj\u00e4ger\",\"breadcrumb\":{\"@id\":\"https:\/\/www.medianus.at\/bibel\/wahrheitsjaeger\/#breadcrumb\"},\"inLanguage\":\"de\",\"potentialAction\":[{\"@type\":\"ReadAction\",\"target\":[\"https:\/\/www.medianus.at\/bibel\/wahrheitsjaeger\/\"]}]},{\"@type\":\"ImageObject\",\"inLanguage\":\"de\",\"@id\":\"https:\/\/www.medianus.at\/bibel\/wahrheitsjaeger\/#primaryimage\",\"url\":\"https:\/\/www.medianus.at\/bibel\/wp-content\/uploads\/2024\/02\/logo.png\",\"contentUrl\":\"https:\/\/www.medianus.at\/bibel\/wp-content\/uploads\/2024\/02\/logo.png\",\"width\":962,\"height\":741},{\"@type\":\"BreadcrumbList\",\"@id\":\"https:\/\/www.medianus.at\/bibel\/wahrheitsjaeger\/#breadcrumb\",\"itemListElement\":[{\"@type\":\"ListItem\",\"position\":1,\"name\":\"Startseite\",\"item\":\"https:\/\/www.medianus.at\/bibel\/\"},{\"@type\":\"ListItem\",\"position\":2,\"name\":\"Wahrheitsj\u00e4ger 2021\"}]},{\"@type\":\"WebSite\",\"@id\":\"https:\/\/www.medianus.at\/bibel\/#website\",\"url\":\"https:\/\/www.medianus.at\/bibel\/\",\"name\":\"Medianus\",\"description\":\"Endzeitbewu\u00dftsein\",\"publisher\":{\"@id\":\"https:\/\/www.medianus.at\/bibel\/#\/schema\/person\/9813ce5b369f8452dc40ce133ead17a7\"},\"potentialAction\":[{\"@type\":\"SearchAction\",\"target\":{\"@type\":\"EntryPoint\",\"urlTemplate\":\"https:\/\/www.medianus.at\/bibel\/?s={search_term_string}\"},\"query-input\":\"required name=search_term_string\"}],\"inLanguage\":\"de\"},{\"@type\":[\"Person\",\"Organization\"],\"@id\":\"https:\/\/www.medianus.at\/bibel\/#\/schema\/person\/9813ce5b369f8452dc40ce133ead17a7\",\"name\":\"Walter Panhuber\",\"image\":{\"@type\":\"ImageObject\",\"inLanguage\":\"de\",\"@id\":\"https:\/\/www.medianus.at\/bibel\/#\/schema\/person\/image\/\",\"url\":\"https:\/\/secure.gravatar.com\/avatar\/ff8326d54d16e623f9e2aeb12289ecab?s=96&d=mm&r=g\",\"contentUrl\":\"https:\/\/secure.gravatar.com\/avatar\/ff8326d54d16e623f9e2aeb12289ecab?s=96&d=mm&r=g\",\"caption\":\"Walter Panhuber\"},\"logo\":{\"@id\":\"https:\/\/www.medianus.at\/bibel\/#\/schema\/person\/image\/\"}}]}<\/script>\n<!-- \/ Yoast SEO plugin. -->","yoast_head_json":{"title":"Wahrheitsj\u00e4ger 2021 - Bibel aktuell","description":"Die Ereignisse des Jahres 2021 im Lichte der Bibel betrachtet. Podcasts vom Wahrheitsj\u00e4ger","robots":{"index":"index","follow":"follow","max-snippet":"max-snippet:-1","max-image-preview":"max-image-preview:large","max-video-preview":"max-video-preview:-1"},"canonical":"https:\/\/www.medianus.at\/bibel\/wahrheitsjaeger\/","og_locale":"de_DE","og_type":"article","og_title":"Wahrheitsj\u00e4ger 2021 - Bibel aktuell","og_description":"Die Ereignisse des Jahres 2021 im Lichte der Bibel betrachtet. Podcasts vom Wahrheitsj\u00e4ger","og_url":"https:\/\/www.medianus.at\/bibel\/wahrheitsjaeger\/","og_site_name":"Medianus","article_modified_time":"2024-02-21T12:58:37+00:00","og_image":[{"url":"https:\/\/www.medianus.at\/bibel\/wp-content\/uploads\/2024\/02\/logo.png"}],"twitter_card":"summary_large_image","twitter_misc":{"Gesch\u00e4tzte Lesezeit":"1\u00a0Minute"},"schema":{"@context":"https:\/\/schema.org","@graph":[{"@type":"WebPage","@id":"https:\/\/www.medianus.at\/bibel\/wahrheitsjaeger\/","url":"https:\/\/www.medianus.at\/bibel\/wahrheitsjaeger\/","name":"Wahrheitsj\u00e4ger 2021 - Bibel aktuell","isPartOf":{"@id":"https:\/\/www.medianus.at\/bibel\/#website"},"primaryImageOfPage":{"@id":"https:\/\/www.medianus.at\/bibel\/wahrheitsjaeger\/#primaryimage"},"image":{"@id":"https:\/\/www.medianus.at\/bibel\/wahrheitsjaeger\/#primaryimage"},"thumbnailUrl":"https:\/\/www.medianus.at\/bibel\/wp-content\/uploads\/2024\/02\/logo.png","datePublished":"2024-02-20T07:02:29+00:00","dateModified":"2024-02-21T12:58:37+00:00","description":"Die Ereignisse des Jahres 2021 im Lichte der Bibel betrachtet. Podcasts vom Wahrheitsj\u00e4ger","breadcrumb":{"@id":"https:\/\/www.medianus.at\/bibel\/wahrheitsjaeger\/#breadcrumb"},"inLanguage":"de","potentialAction":[{"@type":"ReadAction","target":["https:\/\/www.medianus.at\/bibel\/wahrheitsjaeger\/"]}]},{"@type":"ImageObject","inLanguage":"de","@id":"https:\/\/www.medianus.at\/bibel\/wahrheitsjaeger\/#primaryimage","url":"https:\/\/www.medianus.at\/bibel\/wp-content\/uploads\/2024\/02\/logo.png","contentUrl":"https:\/\/www.medianus.at\/bibel\/wp-content\/uploads\/2024\/02\/logo.png","width":962,"height":741},{"@type":"BreadcrumbList","@id":"https:\/\/www.medianus.at\/bibel\/wahrheitsjaeger\/#breadcrumb","itemListElement":[{"@type":"ListItem","position":1,"name":"Startseite","item":"https:\/\/www.medianus.at\/bibel\/"},{"@type":"ListItem","position":2,"name":"Wahrheitsj\u00e4ger 2021"}]},{"@type":"WebSite","@id":"https:\/\/www.medianus.at\/bibel\/#website","url":"https:\/\/www.medianus.at\/bibel\/","name":"Medianus","description":"Endzeitbewu\u00dftsein","publisher":{"@id":"https:\/\/www.medianus.at\/bibel\/#\/schema\/person\/9813ce5b369f8452dc40ce133ead17a7"},"potentialAction":[{"@type":"SearchAction","target":{"@type":"EntryPoint","urlTemplate":"https:\/\/www.medianus.at\/bibel\/?s={search_term_string}"},"query-input":"required name=search_term_string"}],"inLanguage":"de"},{"@type":["Person","Organization"],"@id":"https:\/\/www.medianus.at\/bibel\/#\/schema\/person\/9813ce5b369f8452dc40ce133ead17a7","name":"Walter Panhuber","image":{"@type":"ImageObject","inLanguage":"de","@id":"https:\/\/www.medianus.at\/bibel\/#\/schema\/person\/image\/","url":"https:\/\/secure.gravatar.com\/avatar\/ff8326d54d16e623f9e2aeb12289ecab?s=96&d=mm&r=g","contentUrl":"https:\/\/secure.gravatar.com\/avatar\/ff8326d54d16e623f9e2aeb12289ecab?s=96&d=mm&r=g","caption":"Walter Panhuber"},"logo":{"@id":"https:\/\/www.medianus.at\/bibel\/#\/schema\/person\/image\/"}}]}},"_links":{"self":[{"href":"https:\/\/www.medianus.at\/bibel\/wp-json\/wp\/v2\/pages\/1265"}],"collection":[{"href":"https:\/\/www.medianus.at\/bibel\/wp-json\/wp\/v2\/pages"}],"about":[{"href":"https:\/\/www.medianus.at\/bibel\/wp-json\/wp\/v2\/types\/page"}],"author":[{"embeddable":true,"href":"https:\/\/www.medianus.at\/bibel\/wp-json\/wp\/v2\/users\/1"}],"replies":[{"embeddable":true,"href":"https:\/\/www.medianus.at\/bibel\/wp-json\/wp\/v2\/comments?post=1265"}],"version-history":[{"count":13,"href":"https:\/\/www.medianus.at\/bibel\/wp-json\/wp\/v2\/pages\/1265\/revisions"}],"predecessor-version":[{"id":1573,"href":"https:\/\/www.medianus.at\/bibel\/wp-json\/wp\/v2\/pages\/1265\/revisions\/1573"}],"wp:attachment":[{"href":"https:\/\/www.medianus.at\/bibel\/wp-json\/wp\/v2\/media?parent=1265"}],"curies":[{"name":"wp","href":"https:\/\/api.w.org\/{rel}","templated":true}]}}